{"id":491,"date":"2021-04-28T14:09:23","date_gmt":"2021-04-28T12:09:23","guid":{"rendered":"http:\/\/www.associazione-culturale-europea.eu\/index.php\/calendar\/"},"modified":"2026-02-13T15:03:08","modified_gmt":"2026-02-13T14:03:08","slug":"calendar","status":"publish","type":"page","link":"https:\/\/www.associazione-culturale-europea.eu\/index.php\/calendar\/","title":{"rendered":"Calendar of the ACE events"},"content":{"rendered":"\t\t<div data-elementor-type=\"wp-page\" data-elementor-id=\"491\" class=\"elementor elementor-491\" data-elementor-post-type=\"page\">\n\t\t\t\t\t\t<section class=\"elementor-section elementor-top-section elementor-element elementor-element-82e7f53 elementor-section-boxed elementor-section-height-default elementor-section-height-default\" data-id=\"82e7f53\" data-element_type=\"section\" data-e-type=\"section\">\n\t\t\t\t\t\t<div class=\"elementor-container elementor-column-gap-default\">\n\t\t\t\t\t<div class=\"elementor-column elementor-col-100 elementor-top-column elementor-element elementor-element-aff6d38\" data-id=\"aff6d38\" data-element_type=\"column\" data-e-type=\"column\">\n\t\t\t<div class=\"elementor-widget-wrap elementor-element-populated\">\n\t\t\t\t\t\t<div class=\"elementor-element elementor-element-35ccfe8 elementor-widget elementor-widget-text-editor\" data-id=\"35ccfe8\" data-element_type=\"widget\" data-e-type=\"widget\" data-widget_type=\"text-editor.default\">\n\t\t\t\t<div class=\"elementor-widget-container\">\n\t\t\t\t\t\t\t\t\t<h5 style=\"text-align: center;\"><span style=\"color: #808080;\">The dates with the <span style=\"color: #3366ff;\">blue points<\/span> are ACE Events . You can click on each one to get more info on the event.<\/span><\/h5>\t\t\t\t\t\t\t\t<\/div>\n\t\t\t\t<\/div>\n\t\t\t\t\t<\/div>\n\t\t<\/div>\n\t\t\t\t\t<\/div>\n\t\t<\/section>\n\t\t\t\t<section class=\"elementor-section elementor-top-section elementor-element elementor-element-69d17fd elementor-section-boxed elementor-section-height-default elementor-section-height-default\" data-id=\"69d17fd\" data-element_type=\"section\" data-e-type=\"section\">\n\t\t\t\t\t\t<div class=\"elementor-container elementor-column-gap-default\">\n\t\t\t\t\t<div class=\"elementor-column elementor-col-100 elementor-top-column elementor-element elementor-element-5dbae60\" data-id=\"5dbae60\" data-element_type=\"column\" data-e-type=\"column\">\n\t\t\t<div class=\"elementor-widget-wrap elementor-element-populated\">\n\t\t\t\t\t\t<div class=\"elementor-element elementor-element-a92f6d3 elementor-invisible elementor-widget elementor-widget-MEC\" data-id=\"a92f6d3\" data-element_type=\"widget\" data-e-type=\"widget\" data-settings=\"{&quot;_animation&quot;:&quot;slideInLeft&quot;}\" data-widget_type=\"MEC.default\">\n\t\t\t\t<div class=\"elementor-widget-container\">\n\t\t\t\t\t<div id=\"mec_skin_516\" class=\"mec-wrap colorskin-custom  \">\r\n    \r\n    <div id=\"mec_search_form_516\" class=\"mec-search-form mec-totalcal-box\"><div class=\"mec-dropdown-wrap\" ><div class=\"mec-dropdown-search\"><i class=\"mec-sl-folder\"><\/i><select  name=' ' id='mec_sf_category_516' class='postform'>\n\t<option value='' selected='selected'>Category<\/option>\n\t<option class=\"level-0\" value=\"131\">ACE Events<\/option>\n\t<option class=\"level-1\" value=\"213\">&nbsp;&nbsp;&nbsp;laboratorio scrittura creativa<\/option>\n\t<option class=\"level-1\" value=\"194\">&nbsp;&nbsp;&nbsp;sector concerti<\/option>\n\t<option class=\"level-1\" value=\"195\">&nbsp;&nbsp;&nbsp;sector conferenze<\/option>\n\t<option class=\"level-1\" value=\"223\">&nbsp;&nbsp;&nbsp;sector Paesaggio<\/option>\n\t<option class=\"level-0\" value=\"26\">Cinema<\/option>\n\t<option class=\"level-0\" value=\"27\">Concerti<\/option>\n\t<option class=\"level-0\" value=\"16\">Conferenze<\/option>\n\t<option class=\"level-0\" value=\"196\">sector Arti Visive<\/option>\n\t<option class=\"level-0\" value=\"193\">Sector Eventi<\/option>\n<\/select>\n<\/div><\/div><div class=\"mec-text-input-search\"><i class=\"mec-sl-magnifier\"><\/i>\r\n                    <input type=\"search\" value=\"\" id=\"mec_sf_s_516\" placeholder=\"\" \/>\r\n                <\/div><\/div>    \r\n    <div class=\"mec-calendar mec-box-calendar\">\r\n        <div class=\"mec-calendar-topsec\">        <div class=\"mec-calendar-side mec-clear\">\r\n                        <div class=\"mec-skin-monthly-view-month-navigator-container\">\r\n                <div class=\"mec-month-navigator\" id=\"mec_month_navigator_516_202604\"><div class=\"mec-previous-month mec-load-month mec-previous-month\" data-mec-year=\"2026\" data-mec-month=\"03\"><a href=\"#\" class=\"mec-load-month-link\"><i class=\"mec-sl-angle-left\"><\/i> March<\/a><\/div><div class=\"mec-calendar-header\"><h2>April 2026<\/h2><\/div><div class=\"mec-next-month mec-load-month mec-next-month\" data-mec-year=\"2026\" data-mec-month=\"05\"><a href=\"#\" class=\"mec-load-month-link\">May <i class=\"mec-sl-angle-right\"><\/i><\/a><\/div><\/div>\r\n            <\/div>\r\n            \r\n            <div class=\"mec-calendar-table\" id=\"mec_skin_events_516\">\r\n                <div class=\"mec-month-container mec-month-container-selected\" id=\"mec_monthly_view_month_516_202604\" data-month-id=\"202604\"><dl class=\"mec-calendar-table-head\"><dt class=\"mec-calendar-day-head\">MO<\/dt><dt class=\"mec-calendar-day-head\">TU<\/dt><dt class=\"mec-calendar-day-head\">WE<\/dt><dt class=\"mec-calendar-day-head\">TH<\/dt><dt class=\"mec-calendar-day-head\">FR<\/dt><dt class=\"mec-calendar-day-head\">SA<\/dt><dt class=\"mec-calendar-day-head\">SU<\/dt><\/dl><dl class=\"mec-calendar-row\">\r\n    <dt class=\"mec-table-nullday\">30<\/dt><dt class=\"mec-table-nullday\">31<\/dt><dt class=\"mec-calendar-day\" data-mec-cell=\"20260401\" data-day=\"1\" data-month=\"202604\">1<\/dt><\/dt><dt class=\"mec-calendar-day\" data-mec-cell=\"20260402\" data-day=\"2\" data-month=\"202604\">2<\/dt><\/dt><dt class=\"mec-calendar-day\" data-mec-cell=\"20260403\" data-day=\"3\" data-month=\"202604\">3<\/dt><\/dt><dt class=\"mec-calendar-day\" data-mec-cell=\"20260404\" data-day=\"4\" data-month=\"202604\">4<\/dt><\/dt><dt class=\"mec-calendar-day\" data-mec-cell=\"20260405\" data-day=\"5\" data-month=\"202604\">5<\/dt><\/dt><\/dl><dl class=\"mec-calendar-row\"><dt class=\"mec-calendar-day\" data-mec-cell=\"20260406\" data-day=\"6\" data-month=\"202604\">6<\/dt><\/dt><dt class=\"mec-calendar-day\" data-mec-cell=\"20260407\" data-day=\"7\" data-month=\"202604\">7<\/dt><\/dt><dt class=\"mec-calendar-day mec-has-event\" data-mec-cell=\"20260408\" data-day=\"8\" data-month=\"202604\"><a href=\"#\" class=\"mec-has-event-a\">8<\/a><\/dt><\/dt><dt class=\"mec-calendar-day\" data-mec-cell=\"20260409\" data-day=\"9\" data-month=\"202604\">9<\/dt><\/dt><dt class=\"mec-calendar-day\" data-mec-cell=\"20260410\" data-day=\"10\" data-month=\"202604\">10<\/dt><\/dt><dt class=\"mec-calendar-day mec-has-event\" data-mec-cell=\"20260411\" data-day=\"11\" data-month=\"202604\"><a href=\"#\" class=\"mec-has-event-a\">11<\/a><\/dt><\/dt><dt class=\"mec-calendar-day\" data-mec-cell=\"20260412\" data-day=\"12\" data-month=\"202604\">12<\/dt><\/dt><\/dl><dl class=\"mec-calendar-row\"><dt class=\"mec-calendar-day\" data-mec-cell=\"20260413\" data-day=\"13\" data-month=\"202604\">13<\/dt><\/dt><dt class=\"mec-calendar-day\" data-mec-cell=\"20260414\" data-day=\"14\" data-month=\"202604\">14<\/dt><\/dt><dt class=\"mec-calendar-day\" data-mec-cell=\"20260415\" data-day=\"15\" data-month=\"202604\">15<\/dt><\/dt><dt class=\"mec-calendar-day mec-has-event\" data-mec-cell=\"20260416\" data-day=\"16\" data-month=\"202604\"><a href=\"#\" class=\"mec-has-event-a\">16<\/a><\/dt><\/dt><dt class=\"mec-calendar-day mec-has-event\" data-mec-cell=\"20260417\" data-day=\"17\" data-month=\"202604\"><a href=\"#\" class=\"mec-has-event-a\">17<\/a><\/dt><\/dt><dt class=\"mec-calendar-day mec-has-event\" data-mec-cell=\"20260418\" data-day=\"18\" data-month=\"202604\"><a href=\"#\" class=\"mec-has-event-a\">18<\/a><\/dt><\/dt><dt class=\"mec-calendar-day\" data-mec-cell=\"20260419\" data-day=\"19\" data-month=\"202604\">19<\/dt><\/dt><\/dl><dl class=\"mec-calendar-row\"><dt class=\"mec-calendar-day\" data-mec-cell=\"20260420\" data-day=\"20\" data-month=\"202604\">20<\/dt><\/dt><dt class=\"mec-calendar-day\" data-mec-cell=\"20260421\" data-day=\"21\" data-month=\"202604\">21<\/dt><\/dt><dt class=\"mec-calendar-day mec-has-event\" data-mec-cell=\"20260422\" data-day=\"22\" data-month=\"202604\"><a href=\"#\" class=\"mec-has-event-a\">22<\/a><\/dt><\/dt><dt class=\"mec-calendar-day mec-has-event\" data-mec-cell=\"20260423\" data-day=\"23\" data-month=\"202604\"><a href=\"#\" class=\"mec-has-event-a\">23<\/a><\/dt><\/dt><dt class=\"mec-calendar-day\" data-mec-cell=\"20260424\" data-day=\"24\" data-month=\"202604\">24<\/dt><\/dt><dt class=\"mec-calendar-day mec-has-event\" data-mec-cell=\"20260425\" data-day=\"25\" data-month=\"202604\"><a href=\"#\" class=\"mec-has-event-a\">25<\/a><\/dt><\/dt><dt class=\"mec-calendar-day\" data-mec-cell=\"20260426\" data-day=\"26\" data-month=\"202604\">26<\/dt><\/dt><\/dl><dl class=\"mec-calendar-row\"><dt class=\"mec-calendar-day mec-selected-day\" data-mec-cell=\"20260427\" data-day=\"27\" data-month=\"202604\">27<\/dt><\/dt><dt class=\"mec-calendar-day\" data-mec-cell=\"20260428\" data-day=\"28\" data-month=\"202604\">28<\/dt><\/dt><dt class=\"mec-calendar-day mec-has-event\" data-mec-cell=\"20260429\" data-day=\"29\" data-month=\"202604\"><a href=\"#\" class=\"mec-has-event-a\">29<\/a><\/dt><\/dt><dt class=\"mec-calendar-day\" data-mec-cell=\"20260430\" data-day=\"30\" data-month=\"202604\">30<\/dt><\/dt><dt class=\"mec-table-nullday\">1<\/dt><dt class=\"mec-table-nullday\">2<\/dt><dt class=\"mec-calendar-day mec-has-event\" data-mec-cell=\"20260503\" data-day=\"3\" data-month=\"202604\"><a href=\"#\" class=\"mec-has-event-a\">3<\/a><\/dt><\/dl>\r\n<\/div>\r\n            <\/div>\r\n        <\/div>\r\n        <div class=\"mec-calendar-events-side mec-clear\"><div class=\"mec-month-side\" id=\"mec_month_side_516_202604\"><div class=\"mec-calendar-events-sec\" id=\"mec-calendar-events-sec-516-20260401\" data-mec-cell=\"20260401\" ><h6 class=\"mec-table-side-title\">Events for <span class=\"mec-color mec-table-side-day\"> 1st<\/span> April<\/h6><article class=\"mec-event-article\"><div class=\"mec-event-detail\">No Events<\/div><\/article><\/div><div class=\"mec-calendar-events-sec\" id=\"mec-calendar-events-sec-516-20260402\" data-mec-cell=\"20260402\" ><h6 class=\"mec-table-side-title\">Events for <span class=\"mec-color mec-table-side-day\"> 2nd<\/span> April<\/h6><article class=\"mec-event-article\"><div class=\"mec-event-detail\">No Events<\/div><\/article><\/div><div class=\"mec-calendar-events-sec\" id=\"mec-calendar-events-sec-516-20260403\" data-mec-cell=\"20260403\" ><h6 class=\"mec-table-side-title\">Events for <span class=\"mec-color mec-table-side-day\"> 3rd<\/span> April<\/h6><article class=\"mec-event-article\"><div class=\"mec-event-detail\">No Events<\/div><\/article><\/div><div class=\"mec-calendar-events-sec\" id=\"mec-calendar-events-sec-516-20260404\" data-mec-cell=\"20260404\" ><h6 class=\"mec-table-side-title\">Events for <span class=\"mec-color mec-table-side-day\"> 4th<\/span> April<\/h6><article class=\"mec-event-article\"><div class=\"mec-event-detail\">No Events<\/div><\/article><\/div><div class=\"mec-calendar-events-sec\" id=\"mec-calendar-events-sec-516-20260405\" data-mec-cell=\"20260405\" ><h6 class=\"mec-table-side-title\">Events for <span class=\"mec-color mec-table-side-day\"> 5th<\/span> April<\/h6><article class=\"mec-event-article\"><div class=\"mec-event-detail\">No Events<\/div><\/article><\/div><div class=\"mec-calendar-events-sec\" id=\"mec-calendar-events-sec-516-20260406\" data-mec-cell=\"20260406\" ><h6 class=\"mec-table-side-title\">Events for <span class=\"mec-color mec-table-side-day\"> 6th<\/span> April<\/h6><article class=\"mec-event-article\"><div class=\"mec-event-detail\">No Events<\/div><\/article><\/div><div class=\"mec-calendar-events-sec\" id=\"mec-calendar-events-sec-516-20260407\" data-mec-cell=\"20260407\" ><h6 class=\"mec-table-side-title\">Events for <span class=\"mec-color mec-table-side-day\"> 7th<\/span> April<\/h6><article class=\"mec-event-article\"><div class=\"mec-event-detail\">No Events<\/div><\/article><\/div><div class=\"mec-calendar-events-sec\" id=\"mec-calendar-events-sec-516-20260408\" data-mec-cell=\"20260408\" ><h6 class=\"mec-table-side-title\">Events for <span class=\"mec-color mec-table-side-day\"> 8th<\/span> April<\/h6>        <script type=\"application\/ld+json\">\r\n        {\r\n            \"@context\": \"http:\/\/schema.org\",\r\n            \"@type\": \"Event\",\r\n            \"eventStatus\": \"https:\/\/schema.org\/EventScheduled\",\r\n            \"startDate\": \"2026-04-08\",\r\n            \"endDate\": \"2026-04-08\",\r\n            \"eventAttendanceMode\": \"https:\/\/schema.org\/OfflineEventAttendanceMode\",\r\n            \"location\":\r\n            {\r\n                \"@type\": \"Place\",\r\n                                \"name\": \"JRC Club House\",\r\n                \"image\": \"https:\/\/www.associazione-culturale-europea.eu\/wp-content\/uploads\/2021\/04\/JRC_ClubHouse-1.png\",\r\n                \"address\": \"\"\r\n                            },\r\n            \"organizer\":\r\n            {\r\n                \"@type\": \"Person\",\r\n                \"name\": \"Sector Cinema, Associazione Culturale Europea (ACE)\",\r\n                \"url\": \"\"\r\n            },\r\n            \"offers\":\r\n            {\r\n                \"url\": \"https:\/\/www.associazione-culturale-europea.eu\/index.php\/events\/giovedi-8-aprile-alle-1900-film-the-wolf-house-auditorium-club-house\/\",\r\n                \"price\": \"\",\r\n                \"priceCurrency\": \"\u20ac\",\r\n                \"availability\": \"https:\/\/schema.org\/InStock\",\r\n                \"validFrom\": \"2026-04-08T00:00\"\r\n            },\r\n            \"performer\": \"\",\r\n            \"description\": \"&lt;h3&gt;&lt;span style=&quot;color: #993300;&quot;&gt;&lt;em&gt;Cycle: \u201cHorror\u201d&lt;\/em&gt;&lt;\/span&gt;&lt;\/h3&gt;  &lt;h4&gt;Directed by Joaqu\u00edn Coci\u00f1a, Crist\u00f3bal Le\u00f3n&lt;\/h4&gt;  &lt;h4&gt;Year: 2018. 75 minutes.&lt;\/h4&gt;  &lt;h4&gt;&lt;\/h4&gt;  &lt;h4&gt;Enter the Surreal Nightmare: &#039;The Wolf House&#039; - A Haunting Animation Experience! This experimental, one-of-a-kind film takes you on a journey through the dark history of Chile, where the horrors of Pinochet&#039;s dictatorship come alive in a world of chaotic, ever-changing animation. Don&#039;t miss this unsettling and thought-provoking masterpiece, presented at the 2018 Berlinale. Get ready to immerse yourself in a dreamlike, yet disturbingly real, world.&lt;\/h4&gt;\",\r\n            \"image\": \"https:\/\/www.associazione-culturale-europea.eu\/wp-content\/uploads\/2026\/02\/wolf-house_08-04-2026.jpg\",\r\n            \"name\": \"Giovedi 8 Aprile alle 19:00 &#8211; Cycle: Horror &#8211; Film &#8220;The wolf house&#8221; &#8211; Auditorium Club House\",\r\n            \"url\": \"https:\/\/www.associazione-culturale-europea.eu\/index.php\/events\/giovedi-8-aprile-alle-1900-film-the-wolf-house-auditorium-club-house\/\"\r\n        }\r\n        <\/script>\r\n        <article class=\"mec-past-event mec-event-article \"><div class=\"mec-event-image\"><img fetchpriority=\"high\" decoding=\"async\" class=\"wp-post-image\" src=\"https:\/\/www.associazione-culturale-europea.eu\/wp-content\/uploads\/ab_resized\/wolf-house_08-04-2026-mec-thumb-300-268.jpg\" width=\"300\" height=\"268\" alt=\"\"><\/div><div class=\"mec-event-time mec-color\"><i class=\"mec-sl-clock-o\"><\/i> 19:00<\/div><h4 class=\"mec-event-title\"><a class=\"mec-color-hover\"  data-event-id=\"17891\" href=\"https:\/\/www.associazione-culturale-europea.eu\/index.php\/events\/giovedi-8-aprile-alle-1900-film-the-wolf-house-auditorium-club-house\/\" target=\"_self\" rel=\"noopener\">Giovedi 8 Aprile alle 19:00 &#8211; Cycle: Horror &#8211; Film &#8220;The wolf house&#8221; &#8211; Auditorium Club House<\/a><span class=\"event-color\" style=\"background: #\"><\/span><\/h4><div class=\"mec-event-detail\"><div class=\"mec-event-loc-place\">JRC Club House<\/div><\/div><\/article><\/div><div class=\"mec-calendar-events-sec\" id=\"mec-calendar-events-sec-516-20260409\" data-mec-cell=\"20260409\" ><h6 class=\"mec-table-side-title\">Events for <span class=\"mec-color mec-table-side-day\"> 9th<\/span> April<\/h6><article class=\"mec-event-article\"><div class=\"mec-event-detail\">No Events<\/div><\/article><\/div><div class=\"mec-calendar-events-sec\" id=\"mec-calendar-events-sec-516-20260410\" data-mec-cell=\"20260410\" ><h6 class=\"mec-table-side-title\">Events for <span class=\"mec-color mec-table-side-day\"> 10th<\/span> April<\/h6><article class=\"mec-event-article\"><div class=\"mec-event-detail\">No Events<\/div><\/article><\/div><div class=\"mec-calendar-events-sec\" id=\"mec-calendar-events-sec-516-20260411\" data-mec-cell=\"20260411\" ><h6 class=\"mec-table-side-title\">Events for <span class=\"mec-color mec-table-side-day\"> 11th<\/span> April<\/h6>        <script type=\"application\/ld+json\">\r\n        {\r\n            \"@context\": \"http:\/\/schema.org\",\r\n            \"@type\": \"Event\",\r\n            \"eventStatus\": \"https:\/\/schema.org\/EventScheduled\",\r\n            \"startDate\": \"2026-04-11\",\r\n            \"endDate\": \"2026-04-11\",\r\n            \"eventAttendanceMode\": \"https:\/\/schema.org\/OfflineEventAttendanceMode\",\r\n            \"location\":\r\n            {\r\n                \"@type\": \"Place\",\r\n                                \"name\": \"Teatro Nazionale\",\r\n                \"image\": \"https:\/\/www.associazione-culturale-europea.eu\/wp-content\/uploads\/2025\/04\/teatro_nazionale_milano.jpg\",\r\n                \"address\": \"Via Giordano Rota 1 (ex Piazza Piemonte) 20149 Milano\"\r\n                            },\r\n            \"organizer\":\r\n            {\r\n                \"@type\": \"Person\",\r\n                \"name\": \"Sector Events, Associazione Culturale Europea (ACE)\",\r\n                \"url\": \"\"\r\n            },\r\n            \"offers\":\r\n            {\r\n                \"url\": \"https:\/\/www.associazione-culturale-europea.eu\/index.php\/events\/we-will-rock-you_11-04-2026\/\",\r\n                \"price\": \"70\",\r\n                \"priceCurrency\": \"\u20ac\",\r\n                \"availability\": \"https:\/\/schema.org\/InStock\",\r\n                \"validFrom\": \"2026-04-11T00:00\"\r\n            },\r\n            \"performer\": \"\",\r\n            \"description\": \"&lt;h3&gt;&lt;strong&gt;SOLD OUT \/ ESAURITO    &lt;\/strong&gt;&lt;\/h3&gt;  &lt;h3&gt;&lt;strong&gt;WE WILL ROCK YOU &lt;\/strong&gt;&lt;\/h3&gt;  &lt;h3&gt;The musical by &lt;strong&gt;QUEEN&lt;\/strong&gt; and Ben Elton&lt;\/h3&gt;  &lt;h3&gt;&lt;strong&gt;Lyrics in English!&lt;\/strong&gt;&lt;\/h3&gt;  &lt;h4&gt;One of the world&#039;s most famous rock shows returns to set Italian theatres alight with Queen&#039;s timeless hits, sung and played live.&lt;\/h4&gt;  &lt;h4&gt;WE WILL ROCK YOU is one of the most performed and beloved musicals in the world. Written by Ben Elton, in collaboration with Roger Taylor and Brian May of the legendary Queen, this extraordinary musical, considered a true rock opera, has conquered the international scene with its overwhelming energy, its universal message and, above all, with the timeless power of the British band&#039;s songs.&lt;\/h4&gt;  &lt;h4&gt;An epic and timeless tale, intertwining themes of freedom, identity, courage, dreams and rebellion, accompanied by biting irony and captivating, engaging visual language.&lt;\/h4&gt;  &lt;strong&gt; &lt;\/strong&gt;  &lt;h4&gt;&lt;strong&gt;Cost (members ACE):&lt;\/strong&gt; &lt;strong&gt;70 \u20ac all seats \u201cPoltronissima\u201d&lt;\/strong&gt;&lt;\/h4&gt;  &lt;h4&gt;(including transport to and from Milan by bus, departure Ispra h. 17:30)&lt;\/h4&gt;  &lt;h3&gt;&lt;strong&gt; &lt;\/strong&gt;&lt;\/h3&gt;  &lt;h3&gt;&lt;\/h3&gt;\",\r\n            \"image\": \"https:\/\/www.associazione-culturale-europea.eu\/wp-content\/uploads\/2025\/11\/we-will-rock-you.jpg\",\r\n            \"name\": \"Sabato 11 Aprile 2026 alle ore 20:30 &#8211; The Musical: We Will Rock You &#8211; Teatro Nazionale, Milano\",\r\n            \"url\": \"https:\/\/www.associazione-culturale-europea.eu\/index.php\/events\/we-will-rock-you_11-04-2026\/\"\r\n        }\r\n        <\/script>\r\n        <article class=\"mec-past-event mec-event-article mec-label-custom\"><div class=\"mec-event-image\"><img decoding=\"async\" class=\"wp-post-image\" src=\"https:\/\/www.associazione-culturale-europea.eu\/wp-content\/uploads\/ab_resized\/we-will-rock-you-mec-thumb-300-268.jpg\" width=\"300\" height=\"268\" alt=\"\"><\/div><span class=\"mec-event-label-captions \" style=\"--background-color: #dd3333;background-color: #dd3333\">ESAURITO<\/span><div class=\"mec-event-time mec-color\"><i class=\"mec-sl-clock-o\"><\/i> 20:30<\/div><h4 class=\"mec-event-title\"><a class=\"mec-color-hover\"  data-event-id=\"15411\" href=\"https:\/\/www.associazione-culturale-europea.eu\/index.php\/events\/we-will-rock-you_11-04-2026\/\" target=\"_self\" rel=\"noopener\">Sabato 11 Aprile 2026 alle ore 20:30 &#8211; The Musical: We Will Rock You &#8211; Teatro Nazionale, Milano<\/a><span class=\"event-color\" style=\"background: #\"><\/span><\/h4><div class=\"mec-event-detail\"><div class=\"mec-event-loc-place\">Teatro Nazionale<\/div><\/div><\/article><\/div><div class=\"mec-calendar-events-sec\" id=\"mec-calendar-events-sec-516-20260412\" data-mec-cell=\"20260412\" ><h6 class=\"mec-table-side-title\">Events for <span class=\"mec-color mec-table-side-day\"> 12th<\/span> April<\/h6><article class=\"mec-event-article\"><div class=\"mec-event-detail\">No Events<\/div><\/article><\/div><div class=\"mec-calendar-events-sec\" id=\"mec-calendar-events-sec-516-20260413\" data-mec-cell=\"20260413\" ><h6 class=\"mec-table-side-title\">Events for <span class=\"mec-color mec-table-side-day\"> 13th<\/span> April<\/h6><article class=\"mec-event-article\"><div class=\"mec-event-detail\">No Events<\/div><\/article><\/div><div class=\"mec-calendar-events-sec\" id=\"mec-calendar-events-sec-516-20260414\" data-mec-cell=\"20260414\" ><h6 class=\"mec-table-side-title\">Events for <span class=\"mec-color mec-table-side-day\"> 14th<\/span> April<\/h6><article class=\"mec-event-article\"><div class=\"mec-event-detail\">No Events<\/div><\/article><\/div><div class=\"mec-calendar-events-sec\" id=\"mec-calendar-events-sec-516-20260415\" data-mec-cell=\"20260415\" ><h6 class=\"mec-table-side-title\">Events for <span class=\"mec-color mec-table-side-day\"> 15th<\/span> April<\/h6><article class=\"mec-event-article\"><div class=\"mec-event-detail\">No Events<\/div><\/article><\/div><div class=\"mec-calendar-events-sec\" id=\"mec-calendar-events-sec-516-20260416\" data-mec-cell=\"20260416\" ><h6 class=\"mec-table-side-title\">Events for <span class=\"mec-color mec-table-side-day\"> 16th<\/span> April<\/h6>        <script type=\"application\/ld+json\">\r\n        {\r\n            \"@context\": \"http:\/\/schema.org\",\r\n            \"@type\": \"Event\",\r\n            \"eventStatus\": \"https:\/\/schema.org\/EventScheduled\",\r\n            \"startDate\": \"2026-04-16\",\r\n            \"endDate\": \"2026-04-16\",\r\n            \"eventAttendanceMode\": \"https:\/\/schema.org\/OfflineEventAttendanceMode\",\r\n            \"location\":\r\n            {\r\n                \"@type\": \"Place\",\r\n                                \"name\": \"JRC Club House\",\r\n                \"image\": \"https:\/\/www.associazione-culturale-europea.eu\/wp-content\/uploads\/2021\/04\/JRC_ClubHouse-1.png\",\r\n                \"address\": \"\"\r\n                            },\r\n            \"organizer\":\r\n            {\r\n                \"@type\": \"Person\",\r\n                \"name\": \"Cypriot Semester (First Semester 2026)\",\r\n                \"url\": \"https:\/\/www.facebook.com\/CulturalSemesterIspra\"\r\n            },\r\n            \"offers\":\r\n            {\r\n                \"url\": \"https:\/\/www.associazione-culturale-europea.eu\/index.php\/events\/giovedi-16-aprile-alle-2000-cypriot-movie-pause-auditorium-club-house\/\",\r\n                \"price\": \"\",\r\n                \"priceCurrency\": \"\u20ac\",\r\n                \"availability\": \"https:\/\/schema.org\/InStock\",\r\n                \"validFrom\": \"2026-04-16T00:00\"\r\n            },\r\n            \"performer\": \"\",\r\n            \"description\": \"&lt;h4&gt;Auditorium Club House - 20:00&lt;\/h4&gt;  &lt;h4&gt;&lt;\/h4&gt;  &lt;h4&gt;Directed by Tonia Mishiali.&lt;\/h4&gt;  &lt;h4&gt;Year: 2018. 96 minutes.&lt;\/h4&gt;  &lt;h4&gt;&lt;\/h4&gt;  &lt;h4&gt;Trapped in the misery of an oppressive marriage, a middle-aged woman finds refuge in a fantasy world of vindictive violence. Soon, reality and fantasy start to blur.&lt;\/h4&gt;\",\r\n            \"image\": \"https:\/\/www.associazione-culturale-europea.eu\/wp-content\/uploads\/2026\/01\/film_pause2.png\",\r\n            \"name\": \"Giovedi 16 Aprile alle 20:00 &#8211; Cycle: Concept of border &#8211; Cypriot movie &#8220;PAUSE&#8221; &#8211; Auditorium Club House\",\r\n            \"url\": \"https:\/\/www.associazione-culturale-europea.eu\/index.php\/events\/giovedi-16-aprile-alle-2000-cypriot-movie-pause-auditorium-club-house\/\"\r\n        }\r\n        <\/script>\r\n        <article class=\"mec-past-event mec-event-article \"><div class=\"mec-event-image\"><img decoding=\"async\" class=\"wp-post-image\" src=\"https:\/\/www.associazione-culturale-europea.eu\/wp-content\/uploads\/ab_resized\/film_pause2-mec-thumb-300-268.png\" width=\"300\" height=\"268\" alt=\"\"><\/div><div class=\"mec-event-time mec-color\"><i class=\"mec-sl-clock-o\"><\/i> 20:00 - 22:00<\/div><h4 class=\"mec-event-title\"><a class=\"mec-color-hover\"  data-event-id=\"17017\" href=\"https:\/\/www.associazione-culturale-europea.eu\/index.php\/events\/giovedi-16-aprile-alle-2000-cypriot-movie-pause-auditorium-club-house\/\" target=\"_self\" rel=\"noopener\">Giovedi 16 Aprile alle 20:00 &#8211; Cycle: Concept of border &#8211; Cypriot movie &#8220;PAUSE&#8221; &#8211; Auditorium Club House<\/a><span class=\"event-color\" style=\"background: #\"><\/span><\/h4><div class=\"mec-event-detail\"><div class=\"mec-event-loc-place\">JRC Club House<\/div><\/div><\/article><\/div><div class=\"mec-calendar-events-sec\" id=\"mec-calendar-events-sec-516-20260417\" data-mec-cell=\"20260417\" ><h6 class=\"mec-table-side-title\">Events for <span class=\"mec-color mec-table-side-day\"> 17th<\/span> April<\/h6>        <script type=\"application\/ld+json\">\r\n        {\r\n            \"@context\": \"http:\/\/schema.org\",\r\n            \"@type\": \"Event\",\r\n            \"eventStatus\": \"https:\/\/schema.org\/EventScheduled\",\r\n            \"startDate\": \"2026-04-17\",\r\n            \"endDate\": \"2026-04-17\",\r\n            \"eventAttendanceMode\": \"https:\/\/schema.org\/OfflineEventAttendanceMode\",\r\n            \"location\":\r\n            {\r\n                \"@type\": \"Place\",\r\n                                \"name\": \"Auditorium Milano\",\r\n                \"image\": \"https:\/\/www.associazione-culturale-europea.eu\/wp-content\/uploads\/2022\/02\/laVerdi_milano.png\",\r\n                \"address\": \"Largo Gustav Mahler, 20136 Milano\"\r\n                            },\r\n            \"organizer\":\r\n            {\r\n                \"@type\": \"Person\",\r\n                \"name\": \"Sector Events, Associazione Culturale Europea (ACE)\",\r\n                \"url\": \"\"\r\n            },\r\n            \"offers\":\r\n            {\r\n                \"url\": \"https:\/\/www.associazione-culturale-europea.eu\/index.php\/events\/symphony-sostacovic-mozart_17-04-2026\/\",\r\n                \"price\": \"4030\",\r\n                \"priceCurrency\": \"\u20ac\",\r\n                \"availability\": \"https:\/\/schema.org\/InStock\",\r\n                \"validFrom\": \"2026-04-17T00:00\"\r\n            },\r\n            \"performer\": \"\",\r\n            \"description\": \"&lt;p&gt;&lt;strong&gt;Non tutti sanno che\u2026 \u0160ostakovi\u010d nutrisse una profondissima passione per il calcio! Pare che il compositore sovietico, di cui abbiamo appena celebrato i 50 anni dalla scomparsa, annotava in maniera ossessivo-compulsiva risultati, autori dei gol e capocannonieri su un quaderno intitolato \u201cCampionato di Calcio dell\u2019Unione Sovietica, formazioni\u201d, un modo anche per combattere la depressione nella quale era caduto, definendo il calcio il \u201cgioco pi\u00f9 bello del mondo\u201d e seguendo, come un vero e proprio ultras, la Dinamo di Leningrado e lo Zenit Leningrado. Questo aspetto, se vogliamo, pi\u00f9 leggero e bambinesco di \u0160ostakovi\u010d lo avvicina alla natura di un compositore che mantenne per tutta la vita uno stretto rapporto con il suo fanciullo interiore, Mozart. In questo impaginato, la solare e primaverile Sinfonia n. 6 dialoga con la malinconica e lunare Sinfonia n. 40 del genio salisburghese. Ma nella musica, a differenza del calcio, vincono sempre tutti.&lt;\/strong&gt;&lt;\/p&gt;&lt;h4&gt;Dmitrij \u0160ostakovi\u010d&lt;\/h4&gt;&lt;h5&gt;Sinfonia n. 6 in Si minore op. 54&lt;\/h5&gt;&lt;h4&gt;Wolfgang Amadeus Mozart&lt;\/h4&gt;&lt;h5&gt;Sinfonia n. 40 in Sol minore K 550&lt;\/h5&gt;&lt;h5&gt;Orchestra Sinfonica di Milano&lt;br \/&gt;&lt;br \/&gt;Claus Peter Flor Direttore&lt;\/h5&gt;&lt;h4&gt; &lt;\/h4&gt;&lt;h4&gt;Costo: 40\u20ac platea \/ 30\u20ac galleria&lt;\/h4&gt;&lt;p&gt;(comprensivo del viaggio in bus, partenza dal piazzale del JRC Ispra alle h. 17:15)&lt;\/p&gt;&lt;h5&gt;&lt;a href=&quot;https:\/\/www.associazione-culturale-europea.eu\/index.php\/registration-page_symphony-sostakovic-mozart_17-04-2026\/&quot;&gt;Prenotare&lt;\/a&gt; fino ad esaurimento posti&lt;\/h5&gt;\",\r\n            \"image\": \"https:\/\/www.associazione-culturale-europea.eu\/wp-content\/uploads\/2026\/01\/Symphony_Sostakovic_17-04-2026.jpg\",\r\n            \"name\": \"Friday 17 April 2026 &#8211; Symphony Orchestra &#8211; \u0160OSTAKOVI\u010c MOZART &#8211; Auditorium, Milan\",\r\n            \"url\": \"https:\/\/www.associazione-culturale-europea.eu\/index.php\/events\/symphony-sostacovic-mozart_17-04-2026\/\"\r\n        }\r\n        <\/script>\r\n        <article class=\"mec-past-event mec-event-article \"><div class=\"mec-event-image\"><img loading=\"lazy\" decoding=\"async\" class=\"wp-post-image\" src=\"https:\/\/www.associazione-culturale-europea.eu\/wp-content\/uploads\/ab_resized\/Symphony_Sostakovic_17-04-2026-mec-thumb-300-268.jpg\" width=\"300\" height=\"268\" alt=\"\"><\/div><div class=\"mec-event-time mec-color\"><i class=\"mec-sl-clock-o\"><\/i> 20:00<\/div><h4 class=\"mec-event-title\"><a class=\"mec-color-hover\"  data-event-id=\"17147\" href=\"https:\/\/www.associazione-culturale-europea.eu\/index.php\/events\/symphony-sostacovic-mozart_17-04-2026\/\" target=\"_self\" rel=\"noopener\">Friday 17 April 2026 &#8211; Symphony Orchestra &#8211; \u0160OSTAKOVI\u010c MOZART &#8211; Auditorium, Milan<\/a><span class=\"event-color\" style=\"background: #e14d43\"><\/span><\/h4><div class=\"mec-event-detail\"><div class=\"mec-event-loc-place\">Auditorium Milano<\/div><\/div><\/article><\/div><div class=\"mec-calendar-events-sec\" id=\"mec-calendar-events-sec-516-20260418\" data-mec-cell=\"20260418\" ><h6 class=\"mec-table-side-title\">Events for <span class=\"mec-color mec-table-side-day\"> 18th<\/span> April<\/h6>        <script type=\"application\/ld+json\">\r\n        {\r\n            \"@context\": \"http:\/\/schema.org\",\r\n            \"@type\": \"Event\",\r\n            \"eventStatus\": \"https:\/\/schema.org\/EventScheduled\",\r\n            \"startDate\": \"2026-04-18\",\r\n            \"endDate\": \"2026-04-18\",\r\n            \"eventAttendanceMode\": \"https:\/\/schema.org\/OfflineEventAttendanceMode\",\r\n            \"location\":\r\n            {\r\n                \"@type\": \"Place\",\r\n                                \"name\": \"Eremo di Santa Caterina\",\r\n                \"image\": \"https:\/\/www.associazione-culturale-europea.eu\/wp-content\/uploads\/2024\/05\/eremo-santa-caterina.png\",\r\n                \"address\": \"Via Santa Caterina, 13, 21038 Leggiuno VA\"\r\n                            },\r\n            \"organizer\":\r\n            {\r\n                \"@type\": \"Person\",\r\n                \"name\": \"Sector Arti Visive, Associazione Culturale Europea (ACE)\",\r\n                \"url\": \"\"\r\n            },\r\n            \"offers\":\r\n            {\r\n                \"url\": \"https:\/\/www.associazione-culturale-europea.eu\/index.php\/events\/sabato-18-aprile-alle-930-gita-culturale-in-provincia-di-varese-all-eremo-di-santa-caterina-del-sasso\/\",\r\n                \"price\": \"20\",\r\n                \"priceCurrency\": \"\u20ac\",\r\n                \"availability\": \"https:\/\/schema.org\/InStock\",\r\n                \"validFrom\": \"2026-04-18T00:00\"\r\n            },\r\n            \"performer\": \"\",\r\n            \"description\": \"&lt;h3 class=&quot;p1&quot;&gt;&lt;span style=&quot;color: #993300;&quot;&gt;GITA CULTURALE IN PROVINCIA DI VARESE&lt;\/span&gt;&lt;\/h3&gt;  &lt;h3 class=&quot;p3&quot;&gt;&lt;span style=&quot;color: #993300;&quot;&gt;EREMO DI SANTA CATERINA DEL SASSO&lt;\/span&gt;&lt;\/h3&gt;  &lt;h3 class=&quot;p3&quot;&gt;&lt;span style=&quot;color: #993300;&quot;&gt;UN GIOELLO SOSPESO TRA ACQUA E CIELO&lt;\/span&gt;&lt;\/h3&gt;  &lt;h4 class=&quot;p4&quot;&gt;Guida a cura di Simona Gasparini - Guida turistica regolarmente abilitata&lt;\/h4&gt;  &lt;h3 class=&quot;p4&quot;&gt;Programma di Viaggio&lt;\/h3&gt;  &lt;h4 class=&quot;p5&quot;&gt;L\u2019eremo di Santa Caterina del Sasso \u00e8 uno spettacolo di magnifica bellezza, incastonato tra la roccia e l\u2019acqua, in uno spazio che pare essere sospeso nell\u2019aria, rappresenta l\u2019essenza e il cuore religioso pi\u00f9 importante del Verbano.&lt;\/h4&gt;  &lt;h4 class=&quot;p5&quot;&gt;Una struttura antica dove chiesa e monastero, cortili e portici regalano vedute uniche e tanti gioielli d\u2019arte: architettura, pittura e natura si sposano in un\u2019armonia di forme rare e preziose.&lt;\/h4&gt;  &lt;ul&gt;    &lt;li class=&quot;p6&quot;&gt;  &lt;h4&gt;Partenza dal Piazzale del CCR Ispra ore 9.30&lt;\/h4&gt;  &lt;\/li&gt;    &lt;li class=&quot;p6&quot;&gt;  &lt;h4&gt;Visto la vicinanza del luogo, si propone l\u2019utilizzo concordato di alcune automobili personali&lt;\/h4&gt;  &lt;\/li&gt;    &lt;li class=&quot;p6&quot;&gt;  &lt;h4&gt;La gita culturale inizia alle ore 10:00 dal luogo della visita guidata&lt;\/h4&gt;  &lt;\/li&gt;    &lt;li class=&quot;p6&quot;&gt;  &lt;h4&gt;Possibilit\u00e0 di pranzo in ristorante (da pagare a parte)&lt;\/h4&gt;  &lt;\/li&gt;  &lt;\/ul&gt;  &lt;h4 class=&quot;p6&quot;&gt;ISCRIZIONE E QUOTA INDIVIDUALE DI PARTECIPAZIONE&lt;\/h4&gt;  &lt;h4 class=&quot;p6&quot;&gt;Le iscrizioni sono aperte solo ai soci dell\u2019Associazione Culturale Europea&lt;\/h4&gt;  &lt;h4 class=&quot;p6&quot;&gt;La quota di \u20ac 20 include l\u2019ingresso ai luoghi citati e la relativa visita guidata&lt;\/h4&gt;  &lt;h4 class=&quot;p7&quot;&gt;Queste visite fanno parte del programma \u201cArti Visive 2026\u201cpromosso da Antonio Bandirali, Consigliere ACE&lt;\/h4&gt;  &lt;h4 class=&quot;p7&quot;&gt;Per ulteriori informazioni e iscrizioni contattare Yves Crutzen, Membro ACE, via WhatsApp (333 5359987)&lt;\/h4&gt;\",\r\n            \"image\": \"https:\/\/www.associazione-culturale-europea.eu\/wp-content\/uploads\/2026\/03\/Santa_caterina.png\",\r\n            \"name\": \"Sabato 18 Aprile alle 9:30 &#8211; Gita culturale all&#8217; EREMO DI SANTA CATERINA DEL SASSO\",\r\n            \"url\": \"https:\/\/www.associazione-culturale-europea.eu\/index.php\/events\/sabato-18-aprile-alle-930-gita-culturale-in-provincia-di-varese-all-eremo-di-santa-caterina-del-sasso\/\"\r\n        }\r\n        <\/script>\r\n        <article class=\"mec-past-event mec-event-article \"><div class=\"mec-event-image\"><img loading=\"lazy\" decoding=\"async\" class=\"wp-post-image\" src=\"https:\/\/www.associazione-culturale-europea.eu\/wp-content\/uploads\/ab_resized\/Santa_caterina-mec-thumb-300-268.png\" width=\"300\" height=\"268\" alt=\"\"><\/div><div class=\"mec-event-time mec-color\"><i class=\"mec-sl-clock-o\"><\/i> 09:30<\/div><h4 class=\"mec-event-title\"><a class=\"mec-color-hover\"  data-event-id=\"18164\" href=\"https:\/\/www.associazione-culturale-europea.eu\/index.php\/events\/sabato-18-aprile-alle-930-gita-culturale-in-provincia-di-varese-all-eremo-di-santa-caterina-del-sasso\/\" target=\"_self\" rel=\"noopener\">Sabato 18 Aprile alle 9:30 &#8211; Gita culturale all&#8217; EREMO DI SANTA CATERINA DEL SASSO<\/a><span class=\"event-color\" style=\"background: #\"><\/span><\/h4><div class=\"mec-event-detail\"><div class=\"mec-event-loc-place\">Eremo di Santa Caterina<\/div><\/div><\/article>        <script type=\"application\/ld+json\">\r\n        {\r\n            \"@context\": \"http:\/\/schema.org\",\r\n            \"@type\": \"Event\",\r\n            \"eventStatus\": \"https:\/\/schema.org\/EventScheduled\",\r\n            \"startDate\": \"2026-04-18\",\r\n            \"endDate\": \"2026-04-18\",\r\n            \"eventAttendanceMode\": \"https:\/\/schema.org\/OfflineEventAttendanceMode\",\r\n            \"location\":\r\n            {\r\n                \"@type\": \"Place\",\r\n                                \"name\": \"Teatro alla scala\",\r\n                \"image\": \"https:\/\/www.associazione-culturale-europea.eu\/wp-content\/uploads\/2021\/04\/scala_milano.png\",\r\n                \"address\": \"Via Filodrammatici 2, 20121 Milano\"\r\n                            },\r\n            \"organizer\":\r\n            {\r\n                \"@type\": \"Person\",\r\n                \"name\": \"Sector Events, Associazione Culturale Europea (ACE)\",\r\n                \"url\": \"\"\r\n            },\r\n            \"offers\":\r\n            {\r\n                \"url\": \"https:\/\/www.associazione-culturale-europea.eu\/index.php\/events\/opera-turandot_18-04-2026\/\",\r\n                \"price\": \"130\",\r\n                \"priceCurrency\": \"\u20ac\",\r\n                \"availability\": \"https:\/\/schema.org\/InStock\",\r\n                \"validFrom\": \"2026-04-18T00:00\"\r\n            },\r\n            \"performer\": \"\",\r\n            \"description\": \"&lt;h3&gt;Opera&lt;\/h3&gt;  &lt;h2&gt;TURANDOT&lt;\/h2&gt;  &lt;h3&gt;Giacomo Puccini&lt;\/h3&gt;  &lt;h4&gt;Musica di Giacomo Puccini&lt;\/h4&gt;  &lt;h4&gt;(completamento del terzo atto di Franco Alfano - Editore Casa Ricordi, Milano)&lt;\/h4&gt;  &lt;h4&gt;&lt;\/h4&gt;  &lt;h4&gt;Dramma lirico in tre atti e cinque quadri  Libretto di Giuseppe Adami e Renato Simoni  Orchestra e Coro del Teatro alla Scala&lt;\/h4&gt;  &lt;h4&gt;Coro di Voci Bianche dell\u2019Accademia Teatro alla Scala&lt;\/h4&gt;  &lt;h4&gt;Produzione Teatro alla Scala&lt;\/h4&gt;  &lt;h4&gt;Direttore NICOLA LUISOTTI  Regia DAVIDE LIVERMORE&lt;\/h4&gt;  &lt;h4&gt;COSTO (soci ACE): 130\u20ac (posti in palco)&lt;\/h4&gt;  &lt;h5&gt;(comprensivo del viaggio in bus, partenza dal piazzale del JRC Ispra alle h. 17:00)&lt;\/h5&gt;  &lt;h5&gt;Si prega di notare che sar\u00e0 necessario percorrere a piedi circa 1 km dalla fermata dell&#039;autobus a Milano al Teatro alla Scala e viceversa.&lt;\/h5&gt;  &lt;h5&gt;In vendita:  &lt;a href=&quot;https:\/\/www.associazione-culturale-europea.eu\/index.php\/registration-page_opera-turandot_18-04-2026\/&quot;&gt;Prenotare&lt;\/a&gt; fino ad esaurimento posti&lt;\/h5&gt;  &lt;h3&gt;&lt;\/h3&gt;  &lt;h3&gt;&lt;\/h3&gt;\",\r\n            \"image\": \"https:\/\/www.associazione-culturale-europea.eu\/wp-content\/uploads\/2025\/11\/turandot_18-04-2026.png\",\r\n            \"name\": \"Sabato 18 Aprile 2026, 20:00 &#8211; Opera TURANDOT &#8211; Teatro alla Scala, Milano\",\r\n            \"url\": \"https:\/\/www.associazione-culturale-europea.eu\/index.php\/events\/opera-turandot_18-04-2026\/\"\r\n        }\r\n        <\/script>\r\n        <article class=\"mec-past-event mec-event-article mec-label-custom\"><div class=\"mec-event-image\"><img loading=\"lazy\" decoding=\"async\" class=\"wp-post-image\" src=\"https:\/\/www.associazione-culturale-europea.eu\/wp-content\/uploads\/ab_resized\/turandot_18-04-2026-mec-thumb-300-268.png\" width=\"300\" height=\"268\" alt=\"\"><\/div><span class=\"mec-event-label-captions \" style=\"--background-color: #dd3333;background-color: #dd3333\">ESAURITO<\/span><div class=\"mec-event-time mec-color\"><i class=\"mec-sl-clock-o\"><\/i> 20:00<\/div><h4 class=\"mec-event-title\"><a class=\"mec-color-hover\"  data-event-id=\"15535\" href=\"https:\/\/www.associazione-culturale-europea.eu\/index.php\/events\/opera-turandot_18-04-2026\/\" target=\"_self\" rel=\"noopener\">Sabato 18 Aprile 2026, 20:00 &#8211; Opera TURANDOT &#8211; Teatro alla Scala, Milano<\/a><span class=\"event-color\" style=\"background: #e14d43\"><\/span><\/h4><div class=\"mec-event-detail\"><div class=\"mec-event-loc-place\">Teatro alla scala<\/div><\/div><\/article><\/div><div class=\"mec-calendar-events-sec\" id=\"mec-calendar-events-sec-516-20260419\" data-mec-cell=\"20260419\" ><h6 class=\"mec-table-side-title\">Events for <span class=\"mec-color mec-table-side-day\"> 19th<\/span> April<\/h6><article class=\"mec-event-article\"><div class=\"mec-event-detail\">No Events<\/div><\/article><\/div><div class=\"mec-calendar-events-sec\" id=\"mec-calendar-events-sec-516-20260420\" data-mec-cell=\"20260420\" ><h6 class=\"mec-table-side-title\">Events for <span class=\"mec-color mec-table-side-day\"> 20th<\/span> April<\/h6><article class=\"mec-event-article\"><div class=\"mec-event-detail\">No Events<\/div><\/article><\/div><div class=\"mec-calendar-events-sec\" id=\"mec-calendar-events-sec-516-20260421\" data-mec-cell=\"20260421\" ><h6 class=\"mec-table-side-title\">Events for <span class=\"mec-color mec-table-side-day\"> 21st<\/span> April<\/h6><article class=\"mec-event-article\"><div class=\"mec-event-detail\">No Events<\/div><\/article><\/div><div class=\"mec-calendar-events-sec\" id=\"mec-calendar-events-sec-516-20260422\" data-mec-cell=\"20260422\" ><h6 class=\"mec-table-side-title\">Events for <span class=\"mec-color mec-table-side-day\"> 22nd<\/span> April<\/h6>        <script type=\"application\/ld+json\">\r\n        {\r\n            \"@context\": \"http:\/\/schema.org\",\r\n            \"@type\": \"Event\",\r\n            \"eventStatus\": \"https:\/\/schema.org\/EventScheduled\",\r\n            \"startDate\": \"2026-04-22\",\r\n            \"endDate\": \"2026-04-22\",\r\n            \"eventAttendanceMode\": \"https:\/\/schema.org\/OfflineEventAttendanceMode\",\r\n            \"location\":\r\n            {\r\n                \"@type\": \"Place\",\r\n                                \"name\": \"JRC Club House\",\r\n                \"image\": \"https:\/\/www.associazione-culturale-europea.eu\/wp-content\/uploads\/2021\/04\/JRC_ClubHouse-1.png\",\r\n                \"address\": \"\"\r\n                            },\r\n            \"organizer\":\r\n            {\r\n                \"@type\": \"Person\",\r\n                \"name\": \"Sector Concerts, Associazione Culturale Europea (ACE)\",\r\n                \"url\": \"\"\r\n            },\r\n            \"offers\":\r\n            {\r\n                \"url\": \"https:\/\/www.associazione-culturale-europea.eu\/index.php\/events\/mercoledi-15-aprile-alle-2100-concerto-lettere-damore-e-altre-poesie\/\",\r\n                \"price\": \"\",\r\n                \"priceCurrency\": \"\u20ac\",\r\n                \"availability\": \"https:\/\/schema.org\/InStock\",\r\n                \"validFrom\": \"2026-04-22T00:00\"\r\n            },\r\n            \"performer\": \"\",\r\n            \"description\": \"&lt;h1&gt;&lt;span style=&quot;color: #993300;&quot;&gt;CONCERTO ANNULLATO  &lt;\/span&gt;&lt;\/h1&gt;  &lt;h3&gt;&lt;span style=&quot;color: #993300;&quot;&gt;Giedre Lutz, pianoforte&lt;\/span&gt;&lt;\/h3&gt;  &lt;h3&gt;&lt;span style=&quot;color: #993300;&quot;&gt;Ilona Nymoen, soprano&lt;\/span&gt;&lt;\/h3&gt;  &lt;h4&gt;&lt;strong&gt;Ilona Nymoen - Soprano &lt;\/strong&gt;&lt;\/h4&gt;  &lt;h5&gt;Ilona Nymoen \u00e8 nata a Donaueschingen, in Germania, dove gi\u00e0 durante gli anni scolastici cantava in un coro e prendeva lezioni di flauto e pianoforte. Dopo i primi studi a Berlino, si \u00e8 trasferita a Milano per studiare canto classico al Conservatorio di Musica \u201cGiuseppe Verdi\u201d e successivamente a Piacenza al Conservatorio \u201cGiuseppe Niccolini\u201d. Dopo il suo ritorno in Germania, ha iniziato la carriera solistica come mezzosoprano con ruoli quali: Carmen (Costanza e Amburgo), seguiti da ruoli quali: Maddalena \/ Rigoletto, Contessa di Eberbach\/ Il bracconiere, 3. Dame e 3. Boy\/ Il flauto magico, Irmentraut\/ L&#039;armaiolo, Marcelina\/ Il barbiere di Siviglia, Tisbe\/ La Cenerentola, Adelaide\/ Der Vogelh\u00e4ndler, Czipra\/ Der Zigeunerbaron, Baba, il turco\/ The Rake&#039;s progress, Mary\/ L&#039;olandese volante, .... I suoi impegni l&#039;hanno portata all&#039;Alleetheater di Amburgo, allo Staatstheater di Schwerin, alla Staatsoperette di Dresda, al Landestheater di Neustrelitz, al Theater Meissen, al Theater Lueneburg, all&#039;Admiralspalast di Berlino, al Tipi \u2013 am Kanzleramt di Berlino, al Nikolaisaal di Potsdam, alla Volksb\u00fchne di Colonia, al Goetheanum di Basilea\/Svizzera. Nel 2013 ha cambiato registro vocale passando al soprano drammatico, debuttando con grande successo nel ruolo di Leonore nell&#039;opera Fidelio di Beethoven a Berlino. Il suo repertorio abbraccia l&#039;intero spettro dell&#039;oratorio, da D. Buxtehude a J.S. Bach, G. Rossini e B. Britten.\u00c8 membro e fondatrice di vari ensemble di musica da camera. Nel Duo Dolce trova un&#039;anima gemella in Giedre Lutz, la sua accompagnatrice al pianoforte.&lt;\/h5&gt;  &lt;h4&gt;&lt;strong&gt;Giedre Lutz, pianoforte&lt;\/strong&gt;&lt;\/h4&gt;  &lt;h5&gt;La pianista Giedre Lutz ha ottenuto un notevole successo musicale. L&#039;artista lituana ha vinto premi in quattro concorsi nazionali e otto internazionali. Pi\u00f9 recentemente, ha ricevuto il Majestic Excellence Award come Miglior Artista nella categoria Musica da Film agli Excellence Piano Awards 2022. Giedre Lutz si \u00e8 laureata nel 2003 presso l&#039;Accademia Statale Lituana di Musica e Teatro come pianista concertista, musicista da camera e insegnante di musica. Ha inoltre studiato pianoforte con il Professor L\u00e1szl\u00f3 Simon presso l&#039;Universit\u00e0 delle Arti di Berlino. Ha inoltre approfondito le sue competenze e conoscenze attraverso numerose masterclass e seminari in Lituania e all&#039;estero. Il suo sviluppo personale \u00e8 stato arricchito dalla partecipazione a numerosi progetti e festival musicali internazionali. Giedre si \u00e8 esibita con orchestre sinfoniche e da camera lituane e lettoni. Giedre Lutz si esibisce regolarmente come pianista solista e musicista d&#039;ensemble in un&#039;ampia variet\u00e0 di formazioni su palcoscenici nazionali e internazionali (tra cui la Filarmonica Nazionale Lituana di Vilnius, la Filarmonica di Kaunas, il Teatro Musicale di Klaip\u0117da, la Sala Concerti di Klaip\u0117da, la Sala Concerti Polifonija \u0160iauliai, la Filarmonica di Berlino, la Konzerthaus e la Chiesa Francese di Berlino, e la Nikolaisaal di Potsdam). \u00c8 inoltre direttrice musicale di diverse produzioni di opera e operetta.&lt;\/h5&gt;\",\r\n            \"image\": \"https:\/\/www.associazione-culturale-europea.eu\/wp-content\/uploads\/2026\/03\/22-aprile.jpeg\",\r\n            \"name\": \"CONCERTO ANNULLATO  &#8211; Mercoledi 22 Aprile alle 21:00 &#8211; Concerto &#8220;Lettere d&#8217;amore e altre poesie&#8221; &#8211; Auditorium JRC Club House\",\r\n            \"url\": \"https:\/\/www.associazione-culturale-europea.eu\/index.php\/events\/mercoledi-15-aprile-alle-2100-concerto-lettere-damore-e-altre-poesie\/\"\r\n        }\r\n        <\/script>\r\n        <article class=\"mec-past-event mec-event-article \"><div class=\"mec-event-image\"><img loading=\"lazy\" decoding=\"async\" class=\"wp-post-image\" src=\"https:\/\/www.associazione-culturale-europea.eu\/wp-content\/uploads\/ab_resized\/22-aprile-mec-thumb-300-268.jpeg\" width=\"300\" height=\"268\" alt=\"\"><\/div><div class=\"mec-event-time mec-color\"><i class=\"mec-sl-clock-o\"><\/i> 21:00<\/div><h4 class=\"mec-event-title\"><a class=\"mec-color-hover\"  data-event-id=\"18141\" href=\"https:\/\/www.associazione-culturale-europea.eu\/index.php\/events\/mercoledi-15-aprile-alle-2100-concerto-lettere-damore-e-altre-poesie\/\" target=\"_self\" rel=\"noopener\">CONCERTO ANNULLATO  &#8211; Mercoledi 22 Aprile alle 21:00 &#8211; Concerto &#8220;Lettere d&#8217;amore e altre poesie&#8221; &#8211; Auditorium JRC Club House<\/a><span class=\"event-color\" style=\"background: #\"><\/span><\/h4><div class=\"mec-event-detail\"><div class=\"mec-event-loc-place\">JRC Club House<\/div><\/div><\/article><\/div><div class=\"mec-calendar-events-sec\" id=\"mec-calendar-events-sec-516-20260423\" data-mec-cell=\"20260423\" ><h6 class=\"mec-table-side-title\">Events for <span class=\"mec-color mec-table-side-day\"> 23rd<\/span> April<\/h6>        <script type=\"application\/ld+json\">\r\n        {\r\n            \"@context\": \"http:\/\/schema.org\",\r\n            \"@type\": \"Event\",\r\n            \"eventStatus\": \"https:\/\/schema.org\/EventScheduled\",\r\n            \"startDate\": \"2026-04-23\",\r\n            \"endDate\": \"2026-04-23\",\r\n            \"eventAttendanceMode\": \"https:\/\/schema.org\/OfflineEventAttendanceMode\",\r\n            \"location\":\r\n            {\r\n                \"@type\": \"Place\",\r\n                                \"name\": \"JRC Club House\",\r\n                \"image\": \"https:\/\/www.associazione-culturale-europea.eu\/wp-content\/uploads\/2021\/04\/JRC_ClubHouse-1.png\",\r\n                \"address\": \"\"\r\n                            },\r\n            \"organizer\":\r\n            {\r\n                \"@type\": \"Person\",\r\n                \"name\": \"Sector Cinema, Associazione Culturale Europea (ACE)\",\r\n                \"url\": \"\"\r\n            },\r\n            \"offers\":\r\n            {\r\n                \"url\": \"https:\/\/www.associazione-culturale-europea.eu\/index.php\/events\/mercoledi-23-aprile-alle-1900-film-el-dia-de-la-bestia-auditorium-club-house\/\",\r\n                \"price\": \"\",\r\n                \"priceCurrency\": \"\u20ac\",\r\n                \"availability\": \"https:\/\/schema.org\/InStock\",\r\n                \"validFrom\": \"2026-04-23T00:00\"\r\n            },\r\n            \"performer\": \"\",\r\n            \"description\": \"&lt;h3&gt;&lt;span style=&quot;color: #993300;&quot;&gt;&lt;em&gt;Cycle: \u201cHorror\u201d&lt;\/em&gt;&lt;\/span&gt;&lt;\/h3&gt;  &lt;h4&gt;Directed by Alex de la Iglesia&lt;\/h4&gt;  &lt;h4&gt;Year: 1995. 99 minutes.&lt;\/h4&gt;  &lt;h4&gt;&lt;\/h4&gt;  &lt;h4&gt;Madrid, 1995: The Perfect Place for the Birth of the Antichrist: &#039;The Day of the Beast&#039;! Winner of 6 Goya Awards, including Best Director, this satanic comedy follows a priest, a metalhead, and an occult expert as they join forces to prevent the end of the world. With dark humor and a frenetic pace, this film will take you on a journey through the city, from the darkest places to the most absurd. Don&#039;t miss this apocalyptic adventure that will make you laugh and tremble!&lt;\/h4&gt;\",\r\n            \"image\": \"https:\/\/www.associazione-culturale-europea.eu\/wp-content\/uploads\/2026\/02\/film_dia_bestia_23-04-2026.png\",\r\n            \"name\": \"Giovedi 23 Aprile alle 19:00 &#8211; Cycle: Horror &#8211; Film &#8221; El Dia de la Bestia&#8221; &#8211; Auditorium Club House\",\r\n            \"url\": \"https:\/\/www.associazione-culturale-europea.eu\/index.php\/events\/mercoledi-23-aprile-alle-1900-film-el-dia-de-la-bestia-auditorium-club-house\/\"\r\n        }\r\n        <\/script>\r\n        <article class=\"mec-past-event mec-event-article \"><div class=\"mec-event-image\"><img loading=\"lazy\" decoding=\"async\" class=\"wp-post-image\" src=\"https:\/\/www.associazione-culturale-europea.eu\/wp-content\/uploads\/ab_resized\/film_dia_bestia_23-04-2026-mec-thumb-300-268.png\" width=\"300\" height=\"268\" alt=\"\"><\/div><div class=\"mec-event-time mec-color\"><i class=\"mec-sl-clock-o\"><\/i> 19:00<\/div><h4 class=\"mec-event-title\"><a class=\"mec-color-hover\"  data-event-id=\"17905\" href=\"https:\/\/www.associazione-culturale-europea.eu\/index.php\/events\/mercoledi-23-aprile-alle-1900-film-el-dia-de-la-bestia-auditorium-club-house\/\" target=\"_self\" rel=\"noopener\">Giovedi 23 Aprile alle 19:00 &#8211; Cycle: Horror &#8211; Film &#8221; El Dia de la Bestia&#8221; &#8211; Auditorium Club House<\/a><span class=\"event-color\" style=\"background: #\"><\/span><\/h4><div class=\"mec-event-detail\"><div class=\"mec-event-loc-place\">JRC Club House<\/div><\/div><\/article><\/div><div class=\"mec-calendar-events-sec\" id=\"mec-calendar-events-sec-516-20260424\" data-mec-cell=\"20260424\" ><h6 class=\"mec-table-side-title\">Events for <span class=\"mec-color mec-table-side-day\"> 24th<\/span> April<\/h6><article class=\"mec-event-article\"><div class=\"mec-event-detail\">No Events<\/div><\/article><\/div><div class=\"mec-calendar-events-sec\" id=\"mec-calendar-events-sec-516-20260425\" data-mec-cell=\"20260425\" ><h6 class=\"mec-table-side-title\">Events for <span class=\"mec-color mec-table-side-day\"> 25th<\/span> April<\/h6>        <script type=\"application\/ld+json\">\r\n        {\r\n            \"@context\": \"http:\/\/schema.org\",\r\n            \"@type\": \"Event\",\r\n            \"eventStatus\": \"https:\/\/schema.org\/EventScheduled\",\r\n            \"startDate\": \"2026-04-25\",\r\n            \"endDate\": \"2026-04-25\",\r\n            \"eventAttendanceMode\": \"https:\/\/schema.org\/OfflineEventAttendanceMode\",\r\n            \"location\":\r\n            {\r\n                \"@type\": \"Place\",\r\n                                \"name\": \"Palazzo Reale Milano\",\r\n                \"image\": \"https:\/\/www.associazione-culturale-europea.eu\/wp-content\/uploads\/2021\/09\/Papazzo_reale_foto.png\",\r\n                \"address\": \"Piazza del Duomo, 12 Milano\"\r\n                            },\r\n            \"organizer\":\r\n            {\r\n                \"@type\": \"Person\",\r\n                \"name\": \"Sector Events, Associazione Culturale Europea (ACE)\",\r\n                \"url\": \"\"\r\n            },\r\n            \"offers\":\r\n            {\r\n                \"url\": \"https:\/\/www.associazione-culturale-europea.eu\/index.php\/events\/exhibition-anselm-kiefer_25-04-2026\/\",\r\n                \"price\": \"25\",\r\n                \"priceCurrency\": \"\u20ac\",\r\n                \"availability\": \"https:\/\/schema.org\/InStock\",\r\n                \"validFrom\": \"2026-04-25T00:00\"\r\n            },\r\n            \"performer\": \"\",\r\n            \"description\": \"&lt;h4&gt;The guided tour of Anselm Kiefer&#039;s exhibition \u2018Le Alchimiste\u2019 (The Alchemists), held in Milan&#039;s Sala delle Cariatidi, takes us on a journey of discovery through the exhibition that the great German artist dedicated to those women whose research laid the foundations of scientific thought and Western culture.&lt;\/h4&gt;  &lt;h5&gt;Housed in the Sala delle Cariatidi, which was given a new lease of life after the bombings of 1943 as a venue for historical events, such as the exhibition of Picasso&#039;s Guernica in 1953, the exhibition \u2018Le Alchimiste\u2019 pays homage in its title to a series of female figures who engaged in medical and alchemical experiments between the Middle Ages and the Renaissance. Among them are Caterina Sforza, daughter of Duke Galeazzo Maria Sforza, Isabella Cortese, Maria la Giudea, Marie Meudrac, Rebecca Vaughan, Mary Anne Atwood and Anne Marie Ziegler.&lt;\/h5&gt;  &lt;h5&gt;Each woman is depicted in a large canvas in which alchemical symbols and rarefied figures emerge from a dense, layered pictorial layer that ultimately establishes a parallel between artistic creation and the generative power of alchemy. The artist thus immerses the viewer in a reflection that encompasses all the areas that have always been of interest to him: art, myth, science and philosophy.&lt;\/h5&gt;  &lt;h5&gt;The guided tour of Anselm Kiefer&#039;s exhibition \u201cLe Alchimiste\u201d in the Sala delle Cariatidi at Palazzo Reale in Milan will immerse you in an exciting and monumental site-specific work that one of the most important and profound interpreters of contemporary art has dedicated to Milan on the occasion of the Milan Cortina 2026 Olympic Games.&lt;\/h5&gt;  &lt;h4&gt;&lt;strong&gt;Programme:&lt;\/strong&gt;&lt;\/h4&gt;  &lt;ul&gt;    &lt;li&gt;8:30 Departure by coach from JRC Ispra&lt;\/li&gt;    &lt;li&gt;11:00 Guided tour exhibition in English and Italian (2 groups \u2013 min. 15 people each group required)&lt;\/li&gt;    &lt;li&gt;12:30 Free time for lunch and individual sightseeing in Milan&lt;\/li&gt;    &lt;li&gt;16:30 Departure from Milan&lt;\/li&gt;  &lt;\/ul&gt;  &lt;h4&gt;&lt;strong&gt;Cost (ACE members): &lt;\/strong&gt;&lt;strong&gt;25 \u20ac&lt;\/strong&gt;&lt;\/h4&gt;  (including entrance fee, guided tour, transport to and from Milan)  &lt;h4&gt;&lt;strong&gt;Please &lt;a href=&quot;https:\/\/www.associazione-culturale-europea.eu\/index.php\/registration-page_exhibition-anselm-kiefer_25-04-2026\/&quot;&gt;book&lt;\/a&gt; before 24\/03\/2026&lt;\/strong&gt;&lt;\/h4&gt;\",\r\n            \"image\": \"https:\/\/www.associazione-culturale-europea.eu\/wp-content\/uploads\/2026\/01\/Anselm_Kiefer-LeAlchimiste.jpg\",\r\n            \"name\": \"Saturday 25 April 2026 &#8211; Exhibition ANSELM KIEFER, LE ALCHIMISTE &#8211; Palazzo Reale, Milan\",\r\n            \"url\": \"https:\/\/www.associazione-culturale-europea.eu\/index.php\/events\/exhibition-anselm-kiefer_25-04-2026\/\"\r\n        }\r\n        <\/script>\r\n        <article class=\"mec-past-event mec-event-article \"><div class=\"mec-event-image\"><img loading=\"lazy\" decoding=\"async\" class=\"wp-post-image\" src=\"https:\/\/www.associazione-culturale-europea.eu\/wp-content\/uploads\/ab_resized\/Anselm_Kiefer-LeAlchimiste-mec-thumb-300-268.jpg\" width=\"300\" height=\"268\" alt=\"\"><\/div><div class=\"mec-event-time mec-color\"><i class=\"mec-sl-clock-o\"><\/i> 08:30<\/div><h4 class=\"mec-event-title\"><a class=\"mec-color-hover\"  data-event-id=\"17085\" href=\"https:\/\/www.associazione-culturale-europea.eu\/index.php\/events\/exhibition-anselm-kiefer_25-04-2026\/\" target=\"_self\" rel=\"noopener\">Saturday 25 April 2026 &#8211; Exhibition ANSELM KIEFER, LE ALCHIMISTE &#8211; Palazzo Reale, Milan<\/a><span class=\"event-color\" style=\"background: #e14d43\"><\/span><\/h4><div class=\"mec-event-detail\"><div class=\"mec-event-loc-place\">Palazzo Reale Milano<\/div><\/div><\/article><\/div><div class=\"mec-calendar-events-sec\" id=\"mec-calendar-events-sec-516-20260426\" data-mec-cell=\"20260426\" ><h6 class=\"mec-table-side-title\">Events for <span class=\"mec-color mec-table-side-day\"> 26th<\/span> April<\/h6><article class=\"mec-event-article\"><div class=\"mec-event-detail\">No Events<\/div><\/article><\/div><div class=\"mec-calendar-events-sec\" id=\"mec-calendar-events-sec-516-20260427\" data-mec-cell=\"20260427\"  style=\"display: block;\"><h6 class=\"mec-table-side-title\">Events for <span class=\"mec-color mec-table-side-day\"> 27th<\/span> April<\/h6><article class=\"mec-event-article\"><div class=\"mec-event-detail\">No Events<\/div><\/article><\/div><div class=\"mec-calendar-events-sec\" id=\"mec-calendar-events-sec-516-20260428\" data-mec-cell=\"20260428\" ><h6 class=\"mec-table-side-title\">Events for <span class=\"mec-color mec-table-side-day\"> 28th<\/span> April<\/h6><article class=\"mec-event-article\"><div class=\"mec-event-detail\">No Events<\/div><\/article><\/div><div class=\"mec-calendar-events-sec\" id=\"mec-calendar-events-sec-516-20260429\" data-mec-cell=\"20260429\" ><h6 class=\"mec-table-side-title\">Events for <span class=\"mec-color mec-table-side-day\"> 29th<\/span> April<\/h6>        <script type=\"application\/ld+json\">\r\n        {\r\n            \"@context\": \"http:\/\/schema.org\",\r\n            \"@type\": \"Event\",\r\n            \"eventStatus\": \"https:\/\/schema.org\/EventScheduled\",\r\n            \"startDate\": \"2026-04-29\",\r\n            \"endDate\": \"2026-04-29\",\r\n            \"eventAttendanceMode\": \"https:\/\/schema.org\/OfflineEventAttendanceMode\",\r\n            \"location\":\r\n            {\r\n                \"@type\": \"Place\",\r\n                                \"name\": \"JRC Club House\",\r\n                \"image\": \"https:\/\/www.associazione-culturale-europea.eu\/wp-content\/uploads\/2021\/04\/JRC_ClubHouse-1.png\",\r\n                \"address\": \"\"\r\n                            },\r\n            \"organizer\":\r\n            {\r\n                \"@type\": \"Person\",\r\n                \"name\": \"Sector Cinema, Associazione Culturale Europea (ACE)\",\r\n                \"url\": \"\"\r\n            },\r\n            \"offers\":\r\n            {\r\n                \"url\": \"https:\/\/www.associazione-culturale-europea.eu\/index.php\/events\/mercoledi-29-aprile-alle-1900-fim-ernest-cole-lost-and-found-auditorium-club-house\/\",\r\n                \"price\": \"\",\r\n                \"priceCurrency\": \"\u20ac\",\r\n                \"availability\": \"https:\/\/schema.org\/InStock\",\r\n                \"validFrom\": \"2026-04-29T00:00\"\r\n            },\r\n            \"performer\": \"\",\r\n            \"description\": \"&lt;h3&gt;&lt;span style=&quot;color: #993300;&quot;&gt;&lt;em&gt;Cycle: \u201cConcept of border\u201d&lt;\/em&gt;&lt;\/span&gt;&lt;\/h3&gt;  &lt;h4&gt;Directed by Raoul Peck&lt;\/h4&gt;  &lt;h4&gt;Year: 2024. 105 minutes.&lt;\/h4&gt;  &lt;h4&gt;&lt;\/h4&gt;  &lt;h4&gt;Follows Ernest Cole&#039;s journey and witness the remarkable journey of South Africa\u2019s first Black freelance photographer.&lt;\/h4&gt;\",\r\n            \"image\": \"https:\/\/www.associazione-culturale-europea.eu\/wp-content\/uploads\/2026\/02\/film_ernest-cole_29-04-2026.png\",\r\n            \"name\": \"Mercoledi 29 Aprile alle 19:30 &#8211; Cycle: Concept of border-  Film&#8221; Ernest Cole: Lost and Found&#8221; &#8211; Auditorium Club House\",\r\n            \"url\": \"https:\/\/www.associazione-culturale-europea.eu\/index.php\/events\/mercoledi-29-aprile-alle-1900-fim-ernest-cole-lost-and-found-auditorium-club-house\/\"\r\n        }\r\n        <\/script>\r\n        <article class=\"mec-event-article \"><div class=\"mec-event-image\"><img loading=\"lazy\" decoding=\"async\" class=\"wp-post-image\" src=\"https:\/\/www.associazione-culturale-europea.eu\/wp-content\/uploads\/ab_resized\/film_ernest-cole_29-04-2026-mec-thumb-300-268.png\" width=\"300\" height=\"268\" alt=\"\"><\/div><div class=\"mec-event-time mec-color\"><i class=\"mec-sl-clock-o\"><\/i> 19:30<\/div><h4 class=\"mec-event-title\"><a class=\"mec-color-hover\"  data-event-id=\"17909\" href=\"https:\/\/www.associazione-culturale-europea.eu\/index.php\/events\/mercoledi-29-aprile-alle-1900-fim-ernest-cole-lost-and-found-auditorium-club-house\/\" target=\"_self\" rel=\"noopener\">Mercoledi 29 Aprile alle 19:30 &#8211; Cycle: Concept of border-  Film&#8221; Ernest Cole: Lost and Found&#8221; &#8211; Auditorium Club House<\/a><span class=\"event-color\" style=\"background: #\"><\/span><\/h4><div class=\"mec-event-detail\"><div class=\"mec-event-loc-place\">JRC Club House<\/div><\/div><\/article><\/div><div class=\"mec-calendar-events-sec\" id=\"mec-calendar-events-sec-516-20260430\" data-mec-cell=\"20260430\" ><h6 class=\"mec-table-side-title\">Events for <span class=\"mec-color mec-table-side-day\"> 30th<\/span> April<\/h6><article class=\"mec-event-article\"><div class=\"mec-event-detail\">No Events<\/div><\/article><\/div><div class=\"mec-calendar-events-sec\" id=\"mec-calendar-events-sec-516-20260503\" data-mec-cell=\"20260503\" ><h6 class=\"mec-table-side-title\">Events for <span class=\"mec-color mec-table-side-day\"> 3rd<\/span> May<\/h6>        <script type=\"application\/ld+json\">\r\n        {\r\n            \"@context\": \"http:\/\/schema.org\",\r\n            \"@type\": \"Event\",\r\n            \"eventStatus\": \"https:\/\/schema.org\/EventScheduled\",\r\n            \"startDate\": \"2026-05-03\",\r\n            \"endDate\": \"2026-05-03\",\r\n            \"eventAttendanceMode\": \"https:\/\/schema.org\/OfflineEventAttendanceMode\",\r\n            \"location\":\r\n            {\r\n                \"@type\": \"Place\",\r\n                                \"name\": \"Teatro alla scala\",\r\n                \"image\": \"https:\/\/www.associazione-culturale-europea.eu\/wp-content\/uploads\/2021\/04\/scala_milano.png\",\r\n                \"address\": \"Via Filodrammatici 2, 20121 Milano\"\r\n                            },\r\n            \"organizer\":\r\n            {\r\n                \"@type\": \"Person\",\r\n                \"name\": \"Sector Events, Associazione Culturale Europea (ACE)\",\r\n                \"url\": \"\"\r\n            },\r\n            \"offers\":\r\n            {\r\n                \"url\": \"https:\/\/www.associazione-culturale-europea.eu\/index.php\/events\/opera-pelleas-et-melisande_03-05-2026\/\",\r\n                \"price\": \"90\",\r\n                \"priceCurrency\": \"\u20ac\",\r\n                \"availability\": \"https:\/\/schema.org\/InStock\",\r\n                \"validFrom\": \"2026-05-03T00:00\"\r\n            },\r\n            \"performer\": \"\",\r\n            \"description\": \"&lt;h3&gt;ESAURITO \/ SOLD OUT&lt;\/h3&gt;  &lt;h3&gt;Opera&lt;\/h3&gt;  &lt;h2&gt;Pell\u00e9as et M\u00e9lisande&lt;\/h2&gt;  &lt;h3&gt;by Claude Debussy&lt;\/h3&gt;  &lt;h5&gt;Dramma lirico in cinque atti e dodici quadri&lt;\/h5&gt;  &lt;h5&gt;Libretto di Maurice Maeterlinck&lt;\/h5&gt;  &lt;h5&gt;Orchestra e Coro del Teatro alla Scala&lt;\/h5&gt;  &lt;h5&gt;Nuova Produzione Teatro alla Scala&lt;\/h5&gt;  &lt;h5&gt;Direttore MAXIME PASCAL&lt;\/h5&gt;  &lt;h5&gt;Regia, scene, costumi e luci ROMEO CASTELLUCCI&lt;\/h5&gt;  &lt;h4&gt;COSTO (soci ACE): \u20ac 90 (posti in palco)&lt;\/h4&gt;  (comprensivo del viaggio in bus, partenza dal piazzale del JRC Ispra alle h. 17:00)  &lt;strong&gt;Si prega di notare che sar\u00e0 necessario percorrere a piedi circa 1 km dalla fermata dell&#039;autobus a Milano al Teatro alla Scala e viceversa.&lt;\/strong&gt;  &lt;h5&gt;Prenotare fino ad esaurimento posti&lt;\/h5&gt;\",\r\n            \"image\": \"https:\/\/www.associazione-culturale-europea.eu\/wp-content\/uploads\/2025\/11\/opera-pelleas-et-melisande_03-05-2026.jpg\",\r\n            \"name\": \"Domenica 3 Maggio 2026, 20:00 &#8211; Opera PELL\u00c9AS ET M\u00c9LISANDE &#8211; Teatro alla Scala, Milano\",\r\n            \"url\": \"https:\/\/www.associazione-culturale-europea.eu\/index.php\/events\/opera-pelleas-et-melisande_03-05-2026\/\"\r\n        }\r\n        <\/script>\r\n        <article class=\"mec-event-article mec-label-custom\"><div class=\"mec-event-image\"><img loading=\"lazy\" decoding=\"async\" class=\"wp-post-image\" src=\"https:\/\/www.associazione-culturale-europea.eu\/wp-content\/uploads\/ab_resized\/opera-pelleas-et-melisande_03-05-2026-mec-thumb-300-268.jpg\" width=\"300\" height=\"268\" alt=\"\"><\/div><span class=\"mec-event-label-captions \" style=\"--background-color: #dd3333;background-color: #dd3333\">ESAURITO<\/span><div class=\"mec-event-time mec-color\"><i class=\"mec-sl-clock-o\"><\/i> 20:00<\/div><h4 class=\"mec-event-title\"><a class=\"mec-color-hover\"  data-event-id=\"15544\" href=\"https:\/\/www.associazione-culturale-europea.eu\/index.php\/events\/opera-pelleas-et-melisande_03-05-2026\/\" target=\"_self\" rel=\"noopener\">Domenica 3 Maggio 2026, 20:00 &#8211; Opera PELL\u00c9AS ET M\u00c9LISANDE &#8211; Teatro alla Scala, Milano<\/a><span class=\"event-color\" style=\"background: #e14d43\"><\/span><\/h4><div class=\"mec-event-detail\"><div class=\"mec-event-loc-place\">Teatro alla scala<\/div><\/div><\/article><\/div><\/div><\/div><\/div><div class=\"mec-event-footer\"><\/div>    <\/div>\r\n    \r\n<\/div>\t\t\t\t<\/div>\n\t\t\t\t<\/div>\n\t\t\t\t\t<\/div>\n\t\t<\/div>\n\t\t\t\t\t<\/div>\n\t\t<\/section>\n\t\t\t\t<\/div>\n\t\t","protected":false},"excerpt":{"rendered":"<p>The dates with the blue points are ACE Events . You can click on each one to get more info on the event. CategoryACE Events\u00a0\u00a0\u00a0laboratorio scrittura creativa\u00a0\u00a0\u00a0sector Arti Visive\u00a0\u00a0\u00a0sector concerti\u00a0\u00a0\u00a0sector conferenze\u00a0\u00a0\u00a0Sector EventiCinemaConcertiConferenzeMostreOperaOther Events December January 2023 February MO TU WE TH FR SA SU 26 27 28 29 30 31 1 2 3 4 5 [&hellip;]<\/p>\n","protected":false},"author":1,"featured_media":0,"parent":0,"menu_order":0,"comment_status":"closed","ping_status":"closed","template":"template\/fullwidth.php","meta":{"footnotes":""},"class_list":["post-491","page","type-page","status-publish","hentry"],"_links":{"self":[{"href":"https:\/\/www.associazione-culturale-europea.eu\/index.php\/wp-json\/wp\/v2\/pages\/491","targetHints":{"allow":["GET"]}}],"collection":[{"href":"https:\/\/www.associazione-culturale-europea.eu\/index.php\/wp-json\/wp\/v2\/pages"}],"about":[{"href":"https:\/\/www.associazione-culturale-europea.eu\/index.php\/wp-json\/wp\/v2\/types\/page"}],"author":[{"embeddable":true,"href":"https:\/\/www.associazione-culturale-europea.eu\/index.php\/wp-json\/wp\/v2\/users\/1"}],"replies":[{"embeddable":true,"href":"https:\/\/www.associazione-culturale-europea.eu\/index.php\/wp-json\/wp\/v2\/comments?post=491"}],"version-history":[{"count":7,"href":"https:\/\/www.associazione-culturale-europea.eu\/index.php\/wp-json\/wp\/v2\/pages\/491\/revisions"}],"predecessor-version":[{"id":7621,"href":"https:\/\/www.associazione-culturale-europea.eu\/index.php\/wp-json\/wp\/v2\/pages\/491\/revisions\/7621"}],"wp:attachment":[{"href":"https:\/\/www.associazione-culturale-europea.eu\/index.php\/wp-json\/wp\/v2\/media?parent=491"}],"curies":[{"name":"wp","href":"https:\/\/api.w.org\/{rel}","templated":true}]}}