{"id":15588,"date":"2025-11-21T13:31:50","date_gmt":"2025-11-21T12:31:50","guid":{"rendered":"https:\/\/www.associazione-culturale-europea.eu\/?page_id=15588"},"modified":"2025-11-21T22:52:18","modified_gmt":"2025-11-21T21:52:18","slug":"libro-del-club-di-danza","status":"publish","type":"page","link":"https:\/\/www.associazione-culturale-europea.eu\/index.php\/libro-del-club-di-danza\/","title":{"rendered":"Libro del Club di Danza"},"content":{"rendered":"\t\t<div data-elementor-type=\"wp-page\" data-elementor-id=\"15588\" class=\"elementor elementor-15588\" data-elementor-post-type=\"page\">\n\t\t\t\t<div class=\"elementor-element elementor-element-6239c05 e-flex e-con-boxed e-con e-parent\" data-id=\"6239c05\" data-element_type=\"container\" data-e-type=\"container\">\n\t\t\t\t\t<div class=\"e-con-inner\">\n\t\t\t\t<div class=\"elementor-element elementor-element-7b7b613 elementor-widget elementor-widget-image\" data-id=\"7b7b613\" data-element_type=\"widget\" data-e-type=\"widget\" data-widget_type=\"image.default\">\n\t\t\t\t<div class=\"elementor-widget-container\">\n\t\t\t\t\t\t\t\t\t\t\t\t\t\t\t<img fetchpriority=\"high\" decoding=\"async\" width=\"640\" height=\"226\" src=\"https:\/\/www.associazione-culturale-europea.eu\/wp-content\/uploads\/2025\/11\/portada-abierta-danza-VF-1024x361.jpg\" class=\"attachment-large size-large wp-image-15590\" alt=\"\" srcset=\"https:\/\/www.associazione-culturale-europea.eu\/wp-content\/uploads\/2025\/11\/portada-abierta-danza-VF-1024x361.jpg 1024w, https:\/\/www.associazione-culturale-europea.eu\/wp-content\/uploads\/2025\/11\/portada-abierta-danza-VF-300x106.jpg 300w, https:\/\/www.associazione-culturale-europea.eu\/wp-content\/uploads\/2025\/11\/portada-abierta-danza-VF-768x271.jpg 768w, https:\/\/www.associazione-culturale-europea.eu\/wp-content\/uploads\/2025\/11\/portada-abierta-danza-VF-1536x542.jpg 1536w, https:\/\/www.associazione-culturale-europea.eu\/wp-content\/uploads\/2025\/11\/portada-abierta-danza-VF-2048x723.jpg 2048w\" sizes=\"(max-width: 640px) 100vw, 640px\" \/>\t\t\t\t\t\t\t\t\t\t\t\t\t\t\t<\/div>\n\t\t\t\t<\/div>\n\t\t\t\t\t<\/div>\n\t\t\t\t<\/div>\n\t\t<div class=\"elementor-element elementor-element-92ec129 e-flex e-con-boxed e-con e-parent\" data-id=\"92ec129\" data-element_type=\"container\" data-e-type=\"container\">\n\t\t\t\t\t<div class=\"e-con-inner\">\n\t\t\t\t<div class=\"elementor-element elementor-element-e406296 elementor-widget elementor-widget-text-editor\" data-id=\"e406296\" data-element_type=\"widget\" data-e-type=\"widget\" data-widget_type=\"text-editor.default\">\n\t\t\t\t<div class=\"elementor-widget-container\">\n\t\t\t\t\t\t\t\t\t<p>Questo volume, <em><strong>La danza: un viaggio trasformativo tra ritmo, relazioni sociali e benessere<\/strong><\/em>, raccoglie ventitr\u00e9 contributi diversi per stile e sensibilit\u00e0: racconti, riflessioni, poesie e testimonianze che mostrano la danza come esperienza di gioia, equilibrio e crescita interiore. Alcuni testi sono stati lasciati nella loro lingua originale, per preservarne la spontaneit\u00e0 e l\u2019autenticit\u00e0 emotiva.<\/p><p><span lang=\"IT\">Il libro \u00e8 disponibile esclusivamente in biblioteca ACE, non \u00e8 in vendita al pubblico. Tuttavia, la versione PDF pu\u00f2 essere utilizzata gratuitamente come e-book.<strong> Puoi sfogliare le pagine sullo schermo del tuo computer.<\/strong> Puoi anche scaricare il PDF per usarlo su tablet o Kindle.<\/span><\/p>\t\t\t\t\t\t\t\t<\/div>\n\t\t\t\t<\/div>\n\t\t\t\t\t<\/div>\n\t\t\t\t<\/div>\n\t\t<div class=\"elementor-element elementor-element-d912a43 e-flex e-con-boxed e-con e-parent\" data-id=\"d912a43\" data-element_type=\"container\" data-e-type=\"container\">\n\t\t\t\t\t<div class=\"e-con-inner\">\n\t\t\t\t<div class=\"elementor-element elementor-element-5d69ef4 elementor-widget elementor-widget-embedpress_pdf\" data-id=\"5d69ef4\" data-element_type=\"widget\" data-e-type=\"widget\" data-widget_type=\"embedpress_pdf.default\">\n\t\t\t\t<div class=\"elementor-widget-container\">\n\t\t\t\t\t    <div class=\"embedpress-document-embed ep-doc-5e7a0c6059f968e67c2ab8fe0f73db77 ose-document emebedpress-unit-percent \" data-thememode=\"default\" data-customcolor=\"\" data-toolbar=\"yes\" data-toolbar-position=\"top\" data-open=\"no\" data-presentation-mode=\"yes\" data-download=\"yes\" data-copy=\"yes\" data-add-image=\"yes\" data-rotate=\"yes\" data-details=\"yes\" data-id=\"embedpress-pdf-5d69ef4\" data-selection-tool=\"0\" data-scrolling=\"0\" data-spreads=\"-1\" style=\" max-width:100%; display: inline-block\">\n\n        \n                <div >\n\n                    <div id=\"ep-elementor-content-5d69ef4\" class=\"ep-elementor-content   ep-percentage-width   ep-content-protection-disabled\">\n                        <div id=\"5d69ef4\" class=\"ep-embed-content-wraper\">\n                            <div><iframe title=\"Libro di danza versione finale\" class=\"embedpress-embed-document-pdf embedpress-pdf-5d69ef4\" style=\"width: %!important;height: 465px;; max-width:100%; display: inline-block\" src=\"https:\/\/www.associazione-culturale-europea.eu\/wp-admin\/admin-ajax.php?action=get_flipbook_viewer&#038;file=https%3A%2F%2Fwww.associazione-culturale-europea.eu%2Fwp-content%2Fuploads%2F2025%2F11%2FLibro-di-danza-versione-finale.pdf&#038;key=dGhlbWVNb2RlPWRlZmF1bHQmdG9vbGJhcj10cnVlJnBvc2l0aW9uPXRvcCZwcmVzZW50YXRpb249dHJ1ZSZsYXp5TG9hZD1mYWxzZSZkb3dubG9hZD10cnVlJmNvcHlfdGV4dD10cnVlJmFkZF90ZXh0PXRydWUmZHJhdz10cnVlJmFkZF9pbWFnZT10cnVlJnBkZl9yb3RhdGlvbj10cnVlJnBkZl9kZXRhaWxzPXRydWUmem9vbV9pbj10cnVlJnpvb21fb3V0PXRydWUmZml0X3ZpZXc9dHJ1ZSZib29rbWFyaz10cnVlJnNvdW5kPXRydWUmZmxpcGJvb2tfdG9vbGJhcl9wb3NpdGlvbj1ib3R0b20mc2VsZWN0aW9uX3Rvb2w9MCZzY3JvbGxpbmc9MCZzcHJlYWRzPS0xJmlzX3Byb19hY3RpdmU9MCZwYWdlTnVtYmVyPTEmd2F0ZXJtYXJrX3RleHQ9JndhdGVybWFya19mb250X3NpemU9NDgmd2F0ZXJtYXJrX2NvbG9yPSUyMzAwMDAwMCZ3YXRlcm1hcmtfb3BhY2l0eT0xNSZ3YXRlcm1hcmtfc3R5bGU9Y2VudGVy\" class=\"embedpress-embed-document-pdf embedpress-pdf-5d69ef4\" data-emid=\"embedpress-pdf-5d69ef4\" data-embed-type=\"PDF\" frameborder=\"0\"><\/iframe><p class=\"embedpress-el-powered\">Powered By EmbedPress<\/p><\/div>                        <\/div>\n\n                    <\/div>\n\n\n                   \n                <\/div>\n            \n    <\/div>\n\n\t\t\t\t<\/div>\n\t\t\t\t<\/div>\n\t\t\t\t\t<\/div>\n\t\t\t\t<\/div>\n\t\t<div class=\"elementor-element elementor-element-6a85a62 e-flex e-con-boxed e-con e-parent\" data-id=\"6a85a62\" data-element_type=\"container\" data-e-type=\"container\">\n\t\t\t\t\t<div class=\"e-con-inner\">\n\t\t<div class=\"elementor-element elementor-element-55f10ab e-con-full e-flex e-con e-child\" data-id=\"55f10ab\" data-element_type=\"container\" data-e-type=\"container\">\n\t\t\t\t<div class=\"elementor-element elementor-element-921362d elementor-align-right elementor-widget elementor-widget-button\" data-id=\"921362d\" data-element_type=\"widget\" data-e-type=\"widget\" data-widget_type=\"button.default\">\n\t\t\t\t<div class=\"elementor-widget-container\">\n\t\t\t\t\t\t\t\t\t<div class=\"elementor-button-wrapper\">\n\t\t\t\t\t<a class=\"elementor-button elementor-button-link elementor-size-sm\" href=\"https:\/\/www.associazione-culturale-europea.eu\/index.php\/page-for-the-scrittura-creativa-group\/\">\n\t\t\t\t\t\t<span class=\"elementor-button-content-wrapper\">\n\t\t\t\t\t\t\t\t\t<span class=\"elementor-button-text\">Tornare al menu principale<\/span>\n\t\t\t\t\t<\/span>\n\t\t\t\t\t<\/a>\n\t\t\t\t<\/div>\n\t\t\t\t\t\t\t\t<\/div>\n\t\t\t\t<\/div>\n\t\t\t\t<\/div>\n\t\t<div class=\"elementor-element elementor-element-d5c0dc2 e-con-full e-flex e-con e-child\" data-id=\"d5c0dc2\" data-element_type=\"container\" data-e-type=\"container\">\n\t\t\t\t<div class=\"elementor-element elementor-element-73bbbf1 elementor-widget elementor-widget-button\" data-id=\"73bbbf1\" data-element_type=\"widget\" data-e-type=\"widget\" data-widget_type=\"button.default\">\n\t\t\t\t<div class=\"elementor-widget-container\">\n\t\t\t\t\t\t\t\t\t<div class=\"elementor-button-wrapper\">\n\t\t\t\t\t<a class=\"elementor-button elementor-button-link elementor-size-sm\" href=\"https:\/\/www.associazione-culturale-europea.eu\/index.php\/nostri-libri-casarecci\/\">\n\t\t\t\t\t\t<span class=\"elementor-button-content-wrapper\">\n\t\t\t\t\t\t\t\t\t<span class=\"elementor-button-text\">Tornare al menu \"i nostri libri casarecci\"<\/span>\n\t\t\t\t\t<\/span>\n\t\t\t\t\t<\/a>\n\t\t\t\t<\/div>\n\t\t\t\t\t\t\t\t<\/div>\n\t\t\t\t<\/div>\n\t\t\t\t<\/div>\n\t\t\t\t\t<\/div>\n\t\t\t\t<\/div>\n\t\t\t\t<\/div>\n\t\t","protected":false},"excerpt":{"rendered":"<p>Questo volume, La danza: un viaggio trasformativo tra ritmo, relazioni sociali e benessere, raccoglie ventitr\u00e9 contributi diversi per stile e sensibilit\u00e0: racconti, riflessioni, poesie e testimonianze che mostrano la danza come esperienza di gioia, equilibrio e crescita interiore. Alcuni testi sono stati lasciati nella loro lingua originale, per preservarne la spontaneit\u00e0 e l\u2019autenticit\u00e0 emotiva. Il [&hellip;]<\/p>\n","protected":false},"author":18,"featured_media":0,"parent":0,"menu_order":0,"comment_status":"closed","ping_status":"closed","template":"template\/fullwidth.php","meta":{"footnotes":""},"class_list":["post-15588","page","type-page","status-publish","hentry"],"_links":{"self":[{"href":"https:\/\/www.associazione-culturale-europea.eu\/index.php\/wp-json\/wp\/v2\/pages\/15588","targetHints":{"allow":["GET"]}}],"collection":[{"href":"https:\/\/www.associazione-culturale-europea.eu\/index.php\/wp-json\/wp\/v2\/pages"}],"about":[{"href":"https:\/\/www.associazione-culturale-europea.eu\/index.php\/wp-json\/wp\/v2\/types\/page"}],"author":[{"embeddable":true,"href":"https:\/\/www.associazione-culturale-europea.eu\/index.php\/wp-json\/wp\/v2\/users\/18"}],"replies":[{"embeddable":true,"href":"https:\/\/www.associazione-culturale-europea.eu\/index.php\/wp-json\/wp\/v2\/comments?post=15588"}],"version-history":[{"count":27,"href":"https:\/\/www.associazione-culturale-europea.eu\/index.php\/wp-json\/wp\/v2\/pages\/15588\/revisions"}],"predecessor-version":[{"id":16812,"href":"https:\/\/www.associazione-culturale-europea.eu\/index.php\/wp-json\/wp\/v2\/pages\/15588\/revisions\/16812"}],"wp:attachment":[{"href":"https:\/\/www.associazione-culturale-europea.eu\/index.php\/wp-json\/wp\/v2\/media?parent=15588"}],"curies":[{"name":"wp","href":"https:\/\/api.w.org\/{rel}","templated":true}]}}